{"id":29,"date":"2025-03-11T18:47:45","date_gmt":"2025-03-11T17:47:45","guid":{"rendered":"https:\/\/www.valleedescontes.org\/?page_id=29"},"modified":"2025-03-12T16:08:06","modified_gmt":"2025-03-12T15:08:06","slug":"contact_vallee_des_contes","status":"publish","type":"page","link":"https:\/\/www.valleedescontes.org\/?page_id=29","title":{"rendered":"Contact"},"content":{"rendered":"\t\t<div data-elementor-type=\"wp-page\" data-elementor-id=\"29\" class=\"elementor elementor-29\" data-elementor-post-type=\"page\">\n\t\t\t\t<div class=\"elementor-element elementor-element-373dc88 e-flex e-con-boxed e-con e-parent\" data-id=\"373dc88\" data-element_type=\"container\" data-settings=\"{&quot;background_background&quot;:&quot;classic&quot;}\">\n\t\t\t\t\t<div class=\"e-con-inner\">\n\t\t\t\t\t<\/div>\n\t\t\t\t<\/div>\n\t\t<div class=\"elementor-element elementor-element-7e77f46 e-flex e-con-boxed e-con e-parent\" data-id=\"7e77f46\" data-element_type=\"container\">\n\t\t\t\t\t<div class=\"e-con-inner\">\n\t\t\t\t<div class=\"elementor-element elementor-element-cb65f79 elementor-widget elementor-widget-heading\" data-id=\"cb65f79\" data-element_type=\"widget\" data-widget_type=\"heading.default\">\n\t\t\t\t<div class=\"elementor-widget-container\">\n\t\t\t\t\t<h1 class=\"elementor-heading-title elementor-size-default\">Contact<\/h1>\t\t\t\t<\/div>\n\t\t\t\t<\/div>\n\t\t\t\t\t<\/div>\n\t\t\t\t<\/div>\n\t\t<div class=\"elementor-element elementor-element-dc51ecd e-flex e-con-boxed e-con e-parent\" data-id=\"dc51ecd\" data-element_type=\"container\">\n\t\t\t\t\t<div class=\"e-con-inner\">\n\t\t<div class=\"elementor-element elementor-element-49027cb e-con-full e-flex e-con e-child\" data-id=\"49027cb\" data-element_type=\"container\">\n\t\t\t\t<div class=\"elementor-element elementor-element-668b9ad elementor-widget elementor-widget-image\" data-id=\"668b9ad\" data-element_type=\"widget\" data-widget_type=\"image.default\">\n\t\t\t\t<div class=\"elementor-widget-container\">\n\t\t\t\t\t\t\t\t\t\t\t\t\t\t\t<img fetchpriority=\"high\" decoding=\"async\" width=\"800\" height=\"534\" src=\"https:\/\/www.valleedescontes.org\/wp-content\/uploads\/2025\/03\/vallee-des-contes-munster-1024x683.jpg\" class=\"attachment-large size-large wp-image-138\" alt=\"\" srcset=\"https:\/\/www.valleedescontes.org\/wp-content\/uploads\/2025\/03\/vallee-des-contes-munster-1024x683.jpg 1024w, https:\/\/www.valleedescontes.org\/wp-content\/uploads\/2025\/03\/vallee-des-contes-munster-300x200.jpg 300w, https:\/\/www.valleedescontes.org\/wp-content\/uploads\/2025\/03\/vallee-des-contes-munster-768x512.jpg 768w, https:\/\/www.valleedescontes.org\/wp-content\/uploads\/2025\/03\/vallee-des-contes-munster-1536x1025.jpg 1536w, https:\/\/www.valleedescontes.org\/wp-content\/uploads\/2025\/03\/vallee-des-contes-munster.jpg 2048w\" sizes=\"(max-width: 800px) 100vw, 800px\" \/>\t\t\t\t\t\t\t\t\t\t\t\t\t\t\t<\/div>\n\t\t\t\t<\/div>\n\t\t\t\t<\/div>\n\t\t<div class=\"elementor-element elementor-element-78a579d e-con-full e-flex e-con e-child\" data-id=\"78a579d\" data-element_type=\"container\">\n\t\t\t\t<div class=\"elementor-element elementor-element-2d9e7fc elementor-widget elementor-widget-text-editor\" data-id=\"2d9e7fc\" data-element_type=\"widget\" data-widget_type=\"text-editor.default\">\n\t\t\t\t<div class=\"elementor-widget-container\">\n\t\t\t\t\t\t\t\t\t<p><strong>Association \u00ab\u00a0Projets pour la vall\u00e9e\u00a0\u00bb<\/strong><br \/><strong>Tel.\u00a006 44 93 34 84<\/strong><br \/><strong>Mail.\u00a0<span id=\"cloak3e99ae768efa9f1d7400127332faa920\"><a href=\"mailto:projetspourlavallee@wanadoo.fr\">projetspourlavallee@wanadoo.fr<\/a><\/span><\/strong><br \/><strong>www.lavalleedescontes.org<\/strong><\/p>\t\t\t\t\t\t\t\t<\/div>\n\t\t\t\t<\/div>\n\t\t\t\t<\/div>\n\t\t\t\t\t<\/div>\n\t\t\t\t<\/div>\n\t\t\t\t<\/div>\n\t\t","protected":false},"excerpt":{"rendered":"<p>Contact Association \u00ab\u00a0Projets pour la vall\u00e9e\u00a0\u00bbTel.\u00a006 44 93 34 84Mail.\u00a0projetspourlavallee@wanadoo.frwww.lavalleedescontes.org<\/p>\n","protected":false},"author":1,"featured_media":0,"parent":0,"menu_order":0,"comment_status":"closed","ping_status":"closed","template":"elementor_header_footer","meta":{"footnotes":""},"class_list":["post-29","page","type-page","status-publish","hentry"],"yoast_head":"<!-- This site is optimized with the Yoast SEO plugin v24.6 - https:\/\/yoast.com\/wordpress\/plugins\/seo\/ -->\n<title>Contact - La Vall\u00e9e des contes<\/title>\n<meta name=\"description\" content=\"Contactez la Vall\u00e9e des contes par mail ou par voie postale\" \/>\n<meta name=\"robots\" content=\"index, follow, max-snippet:-1, max-image-preview:large, max-video-preview:-1\" \/>\n<link rel=\"canonical\" href=\"https:\/\/www.valleedescontes.org\/?page_id=29\" \/>\n<meta property=\"og:locale\" content=\"fr_FR\" \/>\n<meta property=\"og:type\" content=\"article\" \/>\n<meta property=\"og:title\" content=\"Contact - La Vall\u00e9e des contes\" \/>\n<meta property=\"og:description\" content=\"Contactez la Vall\u00e9e des contes par mail ou par voie postale\" \/>\n<meta property=\"og:url\" content=\"https:\/\/www.valleedescontes.org\/?page_id=29\" \/>\n<meta property=\"og:site_name\" content=\"La Vall\u00e9e des contes\" \/>\n<meta property=\"article:publisher\" content=\"https:\/\/www.facebook.com\/valleedescontes\/\" \/>\n<meta property=\"article:modified_time\" content=\"2025-03-12T15:08:06+00:00\" \/>\n<meta property=\"og:image\" content=\"https:\/\/www.valleedescontes.org\/wp-content\/uploads\/2025\/03\/vallee-des-contes-munster.jpg\" \/>\n\t<meta property=\"og:image:width\" content=\"2048\" \/>\n\t<meta property=\"og:image:height\" content=\"1366\" \/>\n\t<meta property=\"og:image:type\" content=\"image\/jpeg\" \/>\n<meta name=\"twitter:card\" content=\"summary_large_image\" \/>\n<meta name=\"twitter:label1\" content=\"Dur\u00e9e de lecture estim\u00e9e\" \/>\n\t<meta name=\"twitter:data1\" content=\"1 minute\" \/>\n<script type=\"application\/ld+json\" class=\"yoast-schema-graph\">{\"@context\":\"https:\/\/schema.org\",\"@graph\":[{\"@type\":\"WebPage\",\"@id\":\"https:\/\/www.valleedescontes.org\/?page_id=29\",\"url\":\"https:\/\/www.valleedescontes.org\/?page_id=29\",\"name\":\"Contact - La Vall\u00e9e des contes\",\"isPartOf\":{\"@id\":\"https:\/\/www.valleedescontes.org\/#website\"},\"primaryImageOfPage\":{\"@id\":\"https:\/\/www.valleedescontes.org\/?page_id=29#primaryimage\"},\"image\":{\"@id\":\"https:\/\/www.valleedescontes.org\/?page_id=29#primaryimage\"},\"thumbnailUrl\":\"https:\/\/www.valleedescontes.org\/wp-content\/uploads\/2025\/03\/vallee-des-contes-munster-1024x683.jpg\",\"datePublished\":\"2025-03-11T17:47:45+00:00\",\"dateModified\":\"2025-03-12T15:08:06+00:00\",\"description\":\"Contactez la Vall\u00e9e des contes par mail ou par voie postale\",\"breadcrumb\":{\"@id\":\"https:\/\/www.valleedescontes.org\/?page_id=29#breadcrumb\"},\"inLanguage\":\"fr-FR\",\"potentialAction\":[{\"@type\":\"ReadAction\",\"target\":[\"https:\/\/www.valleedescontes.org\/?page_id=29\"]}]},{\"@type\":\"ImageObject\",\"inLanguage\":\"fr-FR\",\"@id\":\"https:\/\/www.valleedescontes.org\/?page_id=29#primaryimage\",\"url\":\"https:\/\/www.valleedescontes.org\/wp-content\/uploads\/2025\/03\/vallee-des-contes-munster.jpg\",\"contentUrl\":\"https:\/\/www.valleedescontes.org\/wp-content\/uploads\/2025\/03\/vallee-des-contes-munster.jpg\",\"width\":2048,\"height\":1366},{\"@type\":\"BreadcrumbList\",\"@id\":\"https:\/\/www.valleedescontes.org\/?page_id=29#breadcrumb\",\"itemListElement\":[{\"@type\":\"ListItem\",\"position\":1,\"name\":\"Accueil\",\"item\":\"https:\/\/www.valleedescontes.org\/\"},{\"@type\":\"ListItem\",\"position\":2,\"name\":\"Contact\"}]},{\"@type\":\"WebSite\",\"@id\":\"https:\/\/www.valleedescontes.org\/#website\",\"url\":\"https:\/\/www.valleedescontes.org\/\",\"name\":\"La Vall\u00e9e des contes - vall\u00e9e de Munster\",\"description\":\"La Vall\u00e9e des contes - Vall\u00e9e de Munster\",\"publisher\":{\"@id\":\"https:\/\/www.valleedescontes.org\/#organization\"},\"potentialAction\":[{\"@type\":\"SearchAction\",\"target\":{\"@type\":\"EntryPoint\",\"urlTemplate\":\"https:\/\/www.valleedescontes.org\/?s={search_term_string}\"},\"query-input\":{\"@type\":\"PropertyValueSpecification\",\"valueRequired\":true,\"valueName\":\"search_term_string\"}}],\"inLanguage\":\"fr-FR\"},{\"@type\":\"Organization\",\"@id\":\"https:\/\/www.valleedescontes.org\/#organization\",\"name\":\"Vallee des contes\",\"url\":\"https:\/\/www.valleedescontes.org\/\",\"logo\":{\"@type\":\"ImageObject\",\"inLanguage\":\"fr-FR\",\"@id\":\"https:\/\/www.valleedescontes.org\/#\/schema\/logo\/image\/\",\"url\":\"https:\/\/www.valleedescontes.org\/wp-content\/uploads\/2025\/03\/Logo_vallee_des_contes.png\",\"contentUrl\":\"https:\/\/www.valleedescontes.org\/wp-content\/uploads\/2025\/03\/Logo_vallee_des_contes.png\",\"width\":800,\"height\":100,\"caption\":\"Vallee des contes\"},\"image\":{\"@id\":\"https:\/\/www.valleedescontes.org\/#\/schema\/logo\/image\/\"},\"sameAs\":[\"https:\/\/www.facebook.com\/valleedescontes\/\"]}]}<\/script>\n<!-- \/ Yoast SEO plugin. -->","yoast_head_json":{"title":"Contact - La Vall\u00e9e des contes","description":"Contactez la Vall\u00e9e des contes par mail ou par voie postale","robots":{"index":"index","follow":"follow","max-snippet":"max-snippet:-1","max-image-preview":"max-image-preview:large","max-video-preview":"max-video-preview:-1"},"canonical":"https:\/\/www.valleedescontes.org\/?page_id=29","og_locale":"fr_FR","og_type":"article","og_title":"Contact - La Vall\u00e9e des contes","og_description":"Contactez la Vall\u00e9e des contes par mail ou par voie postale","og_url":"https:\/\/www.valleedescontes.org\/?page_id=29","og_site_name":"La Vall\u00e9e des contes","article_publisher":"https:\/\/www.facebook.com\/valleedescontes\/","article_modified_time":"2025-03-12T15:08:06+00:00","og_image":[{"width":2048,"height":1366,"url":"https:\/\/www.valleedescontes.org\/wp-content\/uploads\/2025\/03\/vallee-des-contes-munster.jpg","type":"image\/jpeg"}],"twitter_card":"summary_large_image","twitter_misc":{"Dur\u00e9e de lecture estim\u00e9e":"1 minute"},"schema":{"@context":"https:\/\/schema.org","@graph":[{"@type":"WebPage","@id":"https:\/\/www.valleedescontes.org\/?page_id=29","url":"https:\/\/www.valleedescontes.org\/?page_id=29","name":"Contact - La Vall\u00e9e des contes","isPartOf":{"@id":"https:\/\/www.valleedescontes.org\/#website"},"primaryImageOfPage":{"@id":"https:\/\/www.valleedescontes.org\/?page_id=29#primaryimage"},"image":{"@id":"https:\/\/www.valleedescontes.org\/?page_id=29#primaryimage"},"thumbnailUrl":"https:\/\/www.valleedescontes.org\/wp-content\/uploads\/2025\/03\/vallee-des-contes-munster-1024x683.jpg","datePublished":"2025-03-11T17:47:45+00:00","dateModified":"2025-03-12T15:08:06+00:00","description":"Contactez la Vall\u00e9e des contes par mail ou par voie postale","breadcrumb":{"@id":"https:\/\/www.valleedescontes.org\/?page_id=29#breadcrumb"},"inLanguage":"fr-FR","potentialAction":[{"@type":"ReadAction","target":["https:\/\/www.valleedescontes.org\/?page_id=29"]}]},{"@type":"ImageObject","inLanguage":"fr-FR","@id":"https:\/\/www.valleedescontes.org\/?page_id=29#primaryimage","url":"https:\/\/www.valleedescontes.org\/wp-content\/uploads\/2025\/03\/vallee-des-contes-munster.jpg","contentUrl":"https:\/\/www.valleedescontes.org\/wp-content\/uploads\/2025\/03\/vallee-des-contes-munster.jpg","width":2048,"height":1366},{"@type":"BreadcrumbList","@id":"https:\/\/www.valleedescontes.org\/?page_id=29#breadcrumb","itemListElement":[{"@type":"ListItem","position":1,"name":"Accueil","item":"https:\/\/www.valleedescontes.org\/"},{"@type":"ListItem","position":2,"name":"Contact"}]},{"@type":"WebSite","@id":"https:\/\/www.valleedescontes.org\/#website","url":"https:\/\/www.valleedescontes.org\/","name":"La Vall\u00e9e des contes - vall\u00e9e de Munster","description":"La Vall\u00e9e des contes - Vall\u00e9e de Munster","publisher":{"@id":"https:\/\/www.valleedescontes.org\/#organization"},"potentialAction":[{"@type":"SearchAction","target":{"@type":"EntryPoint","urlTemplate":"https:\/\/www.valleedescontes.org\/?s={search_term_string}"},"query-input":{"@type":"PropertyValueSpecification","valueRequired":true,"valueName":"search_term_string"}}],"inLanguage":"fr-FR"},{"@type":"Organization","@id":"https:\/\/www.valleedescontes.org\/#organization","name":"Vallee des contes","url":"https:\/\/www.valleedescontes.org\/","logo":{"@type":"ImageObject","inLanguage":"fr-FR","@id":"https:\/\/www.valleedescontes.org\/#\/schema\/logo\/image\/","url":"https:\/\/www.valleedescontes.org\/wp-content\/uploads\/2025\/03\/Logo_vallee_des_contes.png","contentUrl":"https:\/\/www.valleedescontes.org\/wp-content\/uploads\/2025\/03\/Logo_vallee_des_contes.png","width":800,"height":100,"caption":"Vallee des contes"},"image":{"@id":"https:\/\/www.valleedescontes.org\/#\/schema\/logo\/image\/"},"sameAs":["https:\/\/www.facebook.com\/valleedescontes\/"]}]}},"_links":{"self":[{"href":"https:\/\/www.valleedescontes.org\/index.php?rest_route=\/wp\/v2\/pages\/29","targetHints":{"allow":["GET"]}}],"collection":[{"href":"https:\/\/www.valleedescontes.org\/index.php?rest_route=\/wp\/v2\/pages"}],"about":[{"href":"https:\/\/www.valleedescontes.org\/index.php?rest_route=\/wp\/v2\/types\/page"}],"author":[{"embeddable":true,"href":"https:\/\/www.valleedescontes.org\/index.php?rest_route=\/wp\/v2\/users\/1"}],"replies":[{"embeddable":true,"href":"https:\/\/www.valleedescontes.org\/index.php?rest_route=%2Fwp%2Fv2%2Fcomments&post=29"}],"version-history":[{"count":10,"href":"https:\/\/www.valleedescontes.org\/index.php?rest_route=\/wp\/v2\/pages\/29\/revisions"}],"predecessor-version":[{"id":154,"href":"https:\/\/www.valleedescontes.org\/index.php?rest_route=\/wp\/v2\/pages\/29\/revisions\/154"}],"wp:attachment":[{"href":"https:\/\/www.valleedescontes.org\/index.php?rest_route=%2Fwp%2Fv2%2Fmedia&parent=29"}],"curies":[{"name":"wp","href":"https:\/\/api.w.org\/{rel}","templated":true}]}}